{"id":2193,"date":"2026-03-16T22:10:55","date_gmt":"2026-03-16T22:10:55","guid":{"rendered":"https:\/\/hotel.helium-solutions.com\/sonhoverde\/?page_id=2193"},"modified":"2026-07-07T21:44:34","modified_gmt":"2026-07-07T21:44:34","slug":"faq","status":"publish","type":"page","link":"https:\/\/hotel.helium-solutions.com\/mantiqueira\/faq\/","title":{"rendered":"FAQ"},"content":{"rendered":"<h3>Perguntas frequentes<\/h3>\n<p>Encontre as respostas para as principais d\u00favidas sobre a pousada<\/p>\n<p>\t\t\t\t\t<button id=\"e-n-tab-title-2009053171\" data-tab-title-id=\"e-n-tab-title-2009053171\" data-tab-index=\"1\" role=\"tab\" aria-controls=\"e-n-tab-content-2009053171\" style=\"--n-tabs-title-order: 1\"><br \/>\n\t\t\t\tHome<br \/>\n\t\t<\/button><br \/>\n\t\t\t\t<button id=\"e-n-tab-title-2009053172\" data-tab-title-id=\"e-n-tab-title-2009053172\" data-tab-index=\"2\" role=\"tab\" aria-controls=\"e-n-tab-content-2009053172\" style=\"--n-tabs-title-order: 2\"><br \/>\n\t\t\t\tQuartos<br \/>\n\t\t<\/button><br \/>\n\t\t\t\t<button id=\"e-n-tab-title-2009053173\" data-tab-title-id=\"e-n-tab-title-2009053173\" data-tab-index=\"3\" role=\"tab\" aria-controls=\"e-n-tab-content-2009053173\" style=\"--n-tabs-title-order: 3\"><br \/>\n\t\t\t\tPromo\u00e7\u00f5es<br \/>\n\t\t<\/button><br \/>\n\t\t\t\t<button id=\"e-n-tab-title-2009053174\" data-tab-title-id=\"e-n-tab-title-2009053174\" data-tab-index=\"4\" role=\"tab\" aria-controls=\"e-n-tab-content-2009053174\" style=\"--n-tabs-title-order: 4\"><br \/>\n\t\t\t\tContato<br \/>\n\t\t<\/button><\/p>\n<details id=\"e-n-accordion-item-1460\">\n<summary data-accordion-index=\"1\" aria-expanded=\"false\" aria-controls=\"e-n-accordion-item-1460\">\n<h3> Como chegar a pousada? <\/h3>\n<\/summary>\n<p>Estamos localizados na <b>Avenida das Montanhas, n\u00ba 686, <\/b>em Monte Verde.<br \/>\n<b>Para quem vem de S\u00e3o Paulo:<\/b><br \/>\nO acesso principal \u00e9 pela Rodovia Fern\u00e3o Dias (BR-381), sentido Belo Horizonte. Utilize a sa\u00edda para Camanducaia (MG) e, ao entrar na cidade, siga as placas indicativas para Monte Verde. A partir desse ponto, s\u00e3o aproximadamente 30 km pela Estrada Municipal Camanducaia\u2013Monte Verde, toda asfaltada e bem sinalizada, at\u00e9 chegar ao centrinho da vila. Em seguida, continue pela Avenida Monte Verde e depois acesse a Avenida das Montanhas at\u00e9 o n\u00famero 686.<br \/>\n<b>Para quem vem do Rio de Janeiro:<\/b><br \/>\nO trajeto tamb\u00e9m \u00e9 feito pela Rodovia Fern\u00e3o Dias (BR-381), sentido Belo Horizonte. Utilize a sa\u00edda para Camanducaia (MG) e siga o mesmo percurso descrito acima at\u00e9 Monte Verde.<br \/>\n<b>Para quem vem de Minas Gerais (Belo Horizonte e regi\u00e3o):<\/b><br \/>\nO acesso \u00e9 pela Rodovia Fern\u00e3o Dias (BR-381), sentido S\u00e3o Paulo. Utilize a sa\u00edda para Camanducaia (MG) e, dentro da cidade, siga as placas para Monte Verde. Depois, percorra aproximadamente 30 km pela Estrada Municipal Camanducaia\u2013Monte Verde at\u00e9 chegar \u00e0 vila. No centrinho, siga pela Avenida Monte Verde e depois acesse a Avenida das Montanhas at\u00e9 o n\u00famero 686.<\/p>\n<\/details>\n<details id=\"e-n-accordion-item-1461\">\n<summary data-accordion-index=\"2\" aria-expanded=\"false\" aria-controls=\"e-n-accordion-item-1461\">\n<h3> Voc\u00eas s\u00e3o Pet Friendly? Posso levar meu animal de estima\u00e7\u00e3o? <\/h3>\n<\/summary>\n<p>Sim! Adoramos receber seu amigo de quatro patas. Aceitamos c\u00e3es de pequeno porte <b>(at\u00e9 10 kg)<\/b>. \u00c9 cobrada uma taxa de higieniza\u00e7\u00e3o de <b>R$ 150<\/b> por estada e eles devem circular na coleira apenas pelas \u00e1reas abertas designadas.<\/p>\n<\/details>\n<details id=\"e-n-accordion-item-1462\">\n<summary data-accordion-index=\"3\" aria-expanded=\"false\" aria-controls=\"e-n-accordion-item-1462\">\n<h3> O hotel oferece estacionamento? \u00c9 cobrado \u00e0 parte? <\/h3>\n<\/summary>\n<p>Sim, disponibilizamos estacionamento <b>gratuito <\/b>para nossos h\u00f3spedes. As <b>vagas s\u00e3o rotativas<\/b> e n\u00e3o \u00e9 necess\u00e1rio reservar com anteced\u00eancia.<\/p>\n<\/details>\n<details id=\"e-n-accordion-item-1463\">\n<summary data-accordion-index=\"4\" aria-expanded=\"false\" aria-controls=\"e-n-accordion-item-1463\">\n<h3> Qual a voltagem das tomadas nas depend\u00eancias do hotel? <\/h3>\n<\/summary>\n<p>A voltagem em toda a nossa regi\u00e3o \u00e9 de <b>110V<\/b>. As tomadas seguem o <b>padr\u00e3o brasileiro de 3 pinos<\/b>. Caso precise, temos alguns adaptadores na recep\u00e7\u00e3o mediante disponibilidade.<\/p>\n<\/details>\n<details id=\"e-n-accordion-item-1464\">\n<summary data-accordion-index=\"5\" aria-expanded=\"false\" aria-controls=\"e-n-accordion-item-1464\">\n<h3> O hotel tem Wi-Fi r\u00e1pido para quem precisa fazer home office? <\/h3>\n<\/summary>\n<p>Oferecemos Wi-Fi gratuito e de <b>alta velocidade\/fibra\/<\/b>. A cobertura atende <b>todos os quartos e \u00e1reas sociais<\/b>, perfeito para trabalhar remotamente em <b>Monte Verde<\/b>.<\/p>\n<\/details>\n<details id=\"e-n-accordion-item-1465\">\n<summary data-accordion-index=\"6\" aria-expanded=\"false\" aria-controls=\"e-n-accordion-item-1465\">\n<h3> A pousada possui restaurante pr\u00f3prio? \u00c9 aberto ao p\u00fablico? <\/h3>\n<\/summary>\n<p>O espa\u00e7o do restaurante \u00e9 exclusivo para h\u00f3spedes, onde servimos apenas o caf\u00e9 da manh\u00e3.<\/p>\n<\/details>\n<details id=\"e-n-accordion-item-1466\">\n<summary data-accordion-index=\"7\" aria-expanded=\"false\" aria-controls=\"e-n-accordion-item-1466\">\n<h3> O hotel possui estrutura acess\u00edvel (PCD)? <\/h3>\n<\/summary>\n<p>Por conta da estrutura e do terreno, a pousada n\u00e3o conta atualmente com recursos de acessibilidade.<\/p>\n<\/details>\n<details id=\"e-n-accordion-item-1467\">\n<summary data-accordion-index=\"8\" aria-expanded=\"false\" aria-controls=\"e-n-accordion-item-1467\">\n<h3> O ambiente \u00e9 adequado para crian\u00e7as ou voltado para casais? <\/h3>\n<\/summary>\n<p>A Pousada Jardim da Mantiqueira, em Monte Verde, \u00e9 ideal para casais que buscam romantismo, tranquilidade e contato com a natureza. Tamb\u00e9m oferecemos algumas acomoda\u00e7\u00f5es para fam\u00edlias, garantindo conforto para diferentes perfis de h\u00f3spedes.<\/p>\n<\/details>\n<details id=\"e-n-accordion-item-1468\">\n<summary data-accordion-index=\"9\" aria-expanded=\"false\" aria-controls=\"e-n-accordion-item-1468\">\n<h3> Quais s\u00e3o as op\u00e7\u00f5es de lazer dentro do hotel? <\/h3>\n<\/summary>\n<p>Contamos com um amplo jardim cercado por \u00e1rvores, pinheiros e arauc\u00e1rias, al\u00e9m de uma piscina para momentos de descanso e tranquilidade.<br \/>\nO hor\u00e1rio de funcionamento da \u00e1rea de lazer \u00e9 <b>das 10:00<\/b> at\u00e9 <b>as 17:00<\/b>.<\/p>\n<\/details>\n<details id=\"e-n-accordion-item-1810\">\n<summary data-accordion-index=\"1\" aria-expanded=\"false\" aria-controls=\"e-n-accordion-item-1810\">\n\t\t\t\t\t Quais os hor\u00e1rios de entrada (check-in) e sa\u00edda (check-out)?<br \/>\n\t\t\t\t\t\t\t\t\t<\/summary>\n<p>Nosso hor\u00e1rio de check-in (entrada) se inicia \u00e0s <b>15h00<\/b> e o check-out (sa\u00edda) deve ser realizado at\u00e9 as <b>12h00<\/b>. Caso precise de um &#8220;late check-out&#8221;, consulte a disponibilidade na recep\u00e7\u00e3o (sujeito \u00e0 taxa extra).<\/p>\n<\/details>\n<details id=\"e-n-accordion-item-1811\">\n<summary data-accordion-index=\"2\" aria-expanded=\"false\" aria-controls=\"e-n-accordion-item-1811\">\n\t\t\t\t\t Qual a pol\u00edtica para crian\u00e7as e ber\u00e7os nas acomoda\u00e7\u00f5es?<br \/>\n\t\t\t\t\t\t\t\t\t<\/summary>\n<p>Crian\u00e7as de at\u00e9 <b>6 anos<\/b> tem gratuidade dormindo nas camas j\u00e1 existentes no quarto com os pais.<br \/>\nN\u00e3o dispomos de ber\u00e7os.<\/p>\n<\/details>\n<details id=\"e-n-accordion-item-1812\">\n<summary data-accordion-index=\"3\" aria-expanded=\"false\" aria-controls=\"e-n-accordion-item-1812\">\n\t\t\t\t\t \u00c9 poss\u00edvel adicionar cama extra nos quartos?<br \/>\n\t\t\t\t\t\t\t\t\t<\/summary>\n<p>Para garantir o conforto e a proposta das acomoda\u00e7\u00f5es, n\u00e3o oferecemos camas extras.<\/p>\n<\/details>\n<details id=\"e-n-accordion-item-1813\">\n<summary data-accordion-index=\"4\" aria-expanded=\"false\" aria-controls=\"e-n-accordion-item-1813\">\n\t\t\t\t\t O que j\u00e1 est\u00e1 incluso no valor da di\u00e1ria da pousada?<br \/>\n\t\t\t\t\t\t\t\t\t<\/summary>\n<p>Sua di\u00e1ria contempla acomoda\u00e7\u00e3o, caf\u00e9 da manh\u00e3 regional estilo buffet servido das 08h30 \u00e0s 10h30, enxoval, amenities, Wi-Fi e acesso \u00e0 \u00e1rea de lazer. O frigobar \u00e9 <b>entregue abastecido com cobran\u00e7a conforme o consumo.<\/b><\/p>\n<\/details>\n<details id=\"e-n-accordion-item-1814\">\n<summary data-accordion-index=\"5\" aria-expanded=\"false\" aria-controls=\"e-n-accordion-item-1814\">\n\t\t\t\t\t Qual a diferen\u00e7a entre as categorias de quarto ?<br \/>\n\t\t\t\t\t\t\t\t\t<\/summary>\n<p>Os quartos da Pousada Jardim da Mantiqueira variam em tamanho, localiza\u00e7\u00e3o (t\u00e9rreo ou andar superior) e vista para o jardim e natureza, todos pensados para oferecer conforto e tranquilidade em Monte Verde.<\/p>\n<\/details>\n<details id=\"e-n-accordion-item-1815\">\n<summary data-accordion-index=\"6\" aria-expanded=\"false\" aria-controls=\"e-n-accordion-item-1815\">\n\t\t\t\t\t Os quartos possuem ar-condicionado e aquecedor?<br \/>\n\t\t\t\t\t\t\t\t\t<\/summary>\n<p>Os quartos n\u00e3o possuem ar-condicionado. Para maior conforto nas noites frias de Monte Verde, contam com lareira a lenha, ideal para o clima de serra.<\/p>\n<\/details>\n<details id=\"e-n-accordion-item-1816\">\n<summary data-accordion-index=\"7\" aria-expanded=\"false\" aria-controls=\"e-n-accordion-item-1816\">\n\t\t\t\t\t \u00c9 permitido fumar nos quartos ou nas varandas?<br \/>\n\t\t\t\t\t\t\t\t\t<\/summary>\n<p>\u00c9 permitido fumar exclusivamente nas varandas e \u00e1reas externas. \u00c9 proibido fumar nos quartos e no restaurante. O n\u00e3o cumprimento desta norma implica multa no valor de 1 sal\u00e1rio m\u00ednimo, referente \u00e0 desodoriza\u00e7\u00e3o.<\/p>\n<\/details>\n<details id=\"e-n-accordion-item-1817\">\n<summary data-accordion-index=\"8\" aria-expanded=\"false\" aria-controls=\"e-n-accordion-item-1817\">\n\t\t\t\t\t Os banheiros possuem secador de cabelo e amenities?<br \/>\n\t\t\t\t\t\t\t\t\t<\/summary>\n<p>Os banheiros n\u00e3o possuem secador de cabelo. Disponibilizamos amenities da linha Harus, incluindo shampoo, condicionador, sabonete e touca de banho, para maior conforto durante a estada.<\/p>\n<\/details>\n<details id=\"e-n-accordion-item-1818\">\n<summary data-accordion-index=\"9\" aria-expanded=\"false\" aria-controls=\"e-n-accordion-item-1818\">\n\t\t\t\t\t Tem cofre de seguran\u00e7a nos quartos?<br \/>\n\t\t\t\t\t\t\t\t\t<\/summary>\n<p>No momento, n\u00e3o disponibilizamos cofre de seguran\u00e7a nas acomoda\u00e7\u00f5es.<\/p>\n<\/details>\n<details id=\"e-n-accordion-item-1819\">\n<summary data-accordion-index=\"10\" aria-expanded=\"false\" aria-controls=\"e-n-accordion-item-1819\">\n\t\t\t\t\t Como funciona o servi\u00e7o de frigobar nos quartos?<br \/>\n\t\t\t\t\t\t\t\t\t<\/summary>\n<p>Na Pousada Jardim da Mantiqueira, o frigobar \u00e9 abastecido com \u00e1guas. Os h\u00f3spedes podem trazer outras bebidas e utilizar o espa\u00e7o dispon\u00edvel para armazenamento.<\/p>\n<\/details>\n<details id=\"e-n-accordion-item-1420\">\n<summary data-accordion-index=\"1\" aria-expanded=\"false\" aria-controls=\"e-n-accordion-item-1420\">\n\t\t\t\t\t Como funciona a pol\u00edtica de cancelamento ou altera\u00e7\u00e3o de reserva?<br \/>\n\t\t\t\t\t\t\t\t\t<\/summary>\n<p>A Pousada Jardim da Mantiqueira trabalha com tarifas n\u00e3o reembols\u00e1veis. Para pagamentos via PIX, o sinal n\u00e3o \u00e9 devolvido em caso de cancelamento ou no-show. Para reservas via cart\u00e3o, n\u00e3o s\u00e3o permitidas altera\u00e7\u00f5es ou reembolsos, sendo cobrado o valor total das di\u00e1rias em caso de sa\u00edda antecipada.<\/p>\n<\/details>\n<details id=\"e-n-accordion-item-1421\">\n<summary data-accordion-index=\"2\" aria-expanded=\"false\" aria-controls=\"e-n-accordion-item-1421\">\n\t\t\t\t\t O que acontece em caso de n\u00e3o comparecimento (No-Show)?<br \/>\n\t\t\t\t\t\t\t\t\t<\/summary>\n<p>O n\u00e3o comparecimento no dia da chegada at\u00e9 as 23h00 (sem aviso pr\u00e9vio) caracteriza &#8220;No-Show&#8221;. A reserva \u00e9 cancelada e o valor pago antecipadamente \u00e9 retido integralmente.<\/p>\n<\/details>\n<details id=\"e-n-accordion-item-1422\">\n<summary data-accordion-index=\"3\" aria-expanded=\"false\" aria-controls=\"e-n-accordion-item-1422\">\n\t\t\t\t\t Eu ganho desconto se reservar diretamente pelo site ou WhatsApp?<br \/>\n\t\t\t\t\t\t\t\t\t<\/summary>\n<p>Sim! Reservando diretamente pelo nosso site ou WhatsApp, voc\u00ea garante o melhor valor: oferecemos 10% de desconto e condi\u00e7\u00f5es mais flex\u00edveis para sua estadia em Monte Verde.<\/p>\n<\/details>\n<details id=\"e-n-accordion-item-1423\">\n<summary data-accordion-index=\"4\" aria-expanded=\"false\" aria-controls=\"e-n-accordion-item-1423\">\n\t\t\t\t\t Quais as formas de pagamento aceitas para a reserva?<br \/>\n\t\t\t\t\t\t\t\t\t<\/summary>\n<p>Na tarifa a vista pedimos no m\u00ednimo 50% de adiantamento via PIX ou TED. O saldo de 50% \u00e9 pago no check-in. Na tarifa cart\u00e3o de cr\u00e9dito, cobramos 100% antecipado e parcelamos o valor total em at\u00e9 5 vezes sem juros nos cart\u00f5es Visa, Master, Elo, Amex, Diners para compras acima de R$ 500,00.<\/p>\n<\/details>\n<details id=\"e-n-accordion-item-1424\">\n<summary data-accordion-index=\"5\" aria-expanded=\"false\" aria-controls=\"e-n-accordion-item-1424\">\n\t\t\t\t\t As regras de reserva mudam em feriados e alta temporada?<br \/>\n\t\t\t\t\t\t\t\t\t<\/summary>\n<p>Sim. Em feriados e datas especiais, o m\u00ednimo de di\u00e1rias \u00e9 ajustado de acordo com o per\u00edodo.<\/p>\n<\/details>\n<details id=\"e-n-accordion-item-1425\">\n<summary data-accordion-index=\"6\" aria-expanded=\"false\" aria-controls=\"e-n-accordion-item-1425\">\n\t\t\t\t\t Voc\u00eas possuem pol\u00edtica de &#8220;Child Free&#8221; (crian\u00e7as n\u00e3o pagam)?<br \/>\n\t\t\t\t\t\t\t\t\t<\/summary>\n<p>Oferecemos gratuidade para crian\u00e7as de at\u00e9 6 anos, desde que acomodadas nas camas existentes. Crian\u00e7as acima dessa idade pagam o mesmo valor do adulto extra.<\/p>\n<\/details>\n<details id=\"e-n-accordion-item-1426\">\n<summary data-accordion-index=\"7\" aria-expanded=\"false\" aria-controls=\"e-n-accordion-item-1426\">\n\t\t\t\t\t T\u00eam pacotes especiais para Lua de Mel ou datas rom\u00e2nticas?<br \/>\n\t\t\t\t\t\t\t\t\t<\/summary>\n<p>Sim! A Pousada Jardim da Mantiqueira, em Monte Verde, oferece op\u00e7\u00f5es de decora\u00e7\u00e3o rom\u00e2ntica para ocasi\u00f5es especiais. Os pacotes incluem combina\u00e7\u00f5es de itens como p\u00e9talas, espumante, chocolate, velas, cisne na cama e foto do casal, com valores a partir de R$ 150.<br \/>\n<br \/>\nAs op\u00e7\u00f5es podem ser adicionadas \u00e0 reserva para lua de mel, anivers\u00e1rios ou momentos especiais a dois.<\/p>\n<\/details>\n<details id=\"e-n-accordion-item-1427\">\n<summary data-accordion-index=\"8\" aria-expanded=\"false\" aria-controls=\"e-n-accordion-item-1427\">\n\t\t\t\t\t H\u00e1 descontos para estadias longas (Long Stay)?<br \/>\n\t\t\t\t\t\t\t\t\t<\/summary>\n<p>Com certeza. Para pacotes a partir de 7 noites basta consultar nossa central para uma negocia\u00e7\u00e3o exclusiva.<\/p>\n<\/details>\n<details id=\"e-n-accordion-item-1428\">\n<summary data-accordion-index=\"9\" aria-expanded=\"false\" aria-controls=\"e-n-accordion-item-1428\">\n\t\t\t\t\t Posso acumular um cupom de desconto com uma promo\u00e7\u00e3o j\u00e1 ativa?<br \/>\n\t\t\t\t\t\t\t\t\t<\/summary>\n<p>N\u00e3o. Nossos cupons promocionais, descontos de parceiros e tarifas especiais n\u00e3o s\u00e3o cumulativos. O sistema sempre aplicar\u00e1 o maior desconto dispon\u00edvel no momento.<\/p>\n<\/details>\n<details id=\"e-n-accordion-item-1429\">\n<summary data-accordion-index=\"10\" aria-expanded=\"false\" aria-controls=\"e-n-accordion-item-1429\">\n\t\t\t\t\t Como funcionam as reservas e descontos para grupos?<br \/>\n\t\t\t\t\t\t\t\t\t<\/summary>\n<p>Consideramos grupo reservas a partir de 4 quartos simult\u00e2neos. Oferecemos descontos progressivos e condi\u00e7\u00f5es facilitadas de pagamento. Solicite um or\u00e7amento diretamente pelo e-mail <strong><a href=\"mailto:reservas@pousadasonhoverde.com\">reservas@pousadasonhoverde.com<\/a><\/strong><\/p>\n<\/details>\n<details id=\"e-n-accordion-item-6280\">\n<summary data-accordion-index=\"1\" aria-expanded=\"false\" aria-controls=\"e-n-accordion-item-6280\">\n\t\t\t\t\t Quais os canais oficiais para falar com a pousada?<br \/>\n\t\t\t\t\t\t\t\t\t<\/summary>\n<p>Voc\u00ea pode falar conosco pelo telefone fixo (35) 3438-1188, pelo WhatsApp <strong><a href=\"http:\/\/wa.me\/+553534381188\">(35) 3438-1188<\/a><\/strong> ou atrav\u00e9s do e-mail <strong><a href=\"mailto:reservas@pousadasonhoverde.com\">reservas@pousadasonhoverde.com<\/a><\/strong>.<\/p>\n<\/details>\n<details id=\"e-n-accordion-item-6281\">\n<summary data-accordion-index=\"2\" aria-expanded=\"false\" aria-controls=\"e-n-accordion-item-6281\">\n\t\t\t\t\t Qual \u00e9 o hor\u00e1rio de funcionamento da Central de Reservas e da Recep\u00e7\u00e3o?<br \/>\n\t\t\t\t\t\t\t\t\t<\/summary>\n<p>Central de Reservas funciona <b>todos os dias, das 08h \u00e0s 23h<\/b>.  A recep\u00e7\u00e3o presencial do hotel funciona <b>das 08h \u00e0s 23h<\/b><\/p>\n<\/details>\n<details id=\"e-n-accordion-item-6282\">\n<summary data-accordion-index=\"3\" aria-expanded=\"false\" aria-controls=\"e-n-accordion-item-6282\">\n\t\t\t\t\t Em quanto tempo terei o retorno do meu contato?<br \/>\n\t\t\t\t\t\t\t\t\t<\/summary>\n<p>No WhatsApp, nosso tempo m\u00e9dio de resposta durante o hor\u00e1rio de atendimento \u00e9 de <strong>at\u00e9 15 minutos no m\u00e1ximo<\/strong>. E-mails e formul\u00e1rios do site s\u00e3o respondidos em <strong>at\u00e9 [24] horas<\/strong>.\u200b<\/p>\n<\/details>\n<details id=\"e-n-accordion-item-6283\">\n<summary data-accordion-index=\"4\" aria-expanded=\"false\" aria-controls=\"e-n-accordion-item-6283\">\n\t\t\t\t\t Como chego \u00e0 pousada vindo do aeroporto ou rodovi\u00e1ria mais pr\u00f3ximos?<br \/>\n\t\t\t\t\t\t\t\t\t<\/summary>\n<p>O aeroporto mais pr\u00f3ximo \u00e9 o Aeroporto Internacional de Viracopos (VCP) (cerca de 140 km). Outra op\u00e7\u00e3o \u00e9 o Aeroporto Internacional de Guarulhos (GRU) (aprox. 160 km).<br \/>\nA rodovi\u00e1ria mais pr\u00f3xima fica em Camanducaia, a cerca de 30 km. De l\u00e1, \u00e9 poss\u00edvel seguir de carro, t\u00e1xi ou aplicativo at\u00e9 a pousada.<\/p>\n<\/details>\n<details id=\"e-n-accordion-item-6284\">\n<summary data-accordion-index=\"5\" aria-expanded=\"false\" aria-controls=\"e-n-accordion-item-6284\">\n\t\t\t\t\t Voc\u00eas oferecem servi\u00e7o de transfer\/translado?<br \/>\n\t\t\t\t\t\t\t\t\t<\/summary>\n<p>N\u00e3o possu\u00edmos frota pr\u00f3pria, mas podemos indicar um motorista de confian\u00e7a para realizar o traslado com seguran\u00e7a e comodidade em Monte Verde.<br \/>\nO agendamento e a negocia\u00e7\u00e3o s\u00e3o feitos diretamente com o prestador.<\/p>\n<\/details>\n<details id=\"e-n-accordion-item-6285\">\n<summary data-accordion-index=\"6\" aria-expanded=\"false\" aria-controls=\"e-n-accordion-item-6285\">\n\t\t\t\t\t Como fa\u00e7o para organizar um evento corporativo ou casamento no hotel?<br \/>\n\t\t\t\t\t\t\t\t\t<\/summary>\n<p>No momento, n\u00e3o realizamos eventos como casamentos ou encontros corporativos. Nossa proposta \u00e9 oferecer uma experi\u00eancia mais intimista, focada no descanso, conforto e conex\u00e3o com a natureza em Monte Verde.<\/p>\n<\/details>\n<details id=\"e-n-accordion-item-6286\">\n<summary data-accordion-index=\"7\" aria-expanded=\"false\" aria-controls=\"e-n-accordion-item-6286\">\n\t\t\t\t\t Esqueci um objeto no hotel. Como fa\u00e7o para recuper\u00e1-lo?<br \/>\n\t\t\t\t\t\t\t\t\t<\/summary>\n<p>Guardamos objetos esquecidos no setor de &#8220;Achados e Perdidos&#8221; por um prazo de 90 dias. Entre em contato conosco via WhatsApp informando o n\u00famero do quarto e data de sa\u00edda. O custo do envio via Correios \u00e9 de responsabilidade do h\u00f3spede.<\/p>\n<\/details>\n<details id=\"e-n-accordion-item-6287\">\n<summary data-accordion-index=\"8\" aria-expanded=\"false\" aria-controls=\"e-n-accordion-item-6287\">\n\t\t\t\t\t Onde posso ler as avalia\u00e7\u00f5es de outros h\u00f3spedes?<br \/>\n\t\t\t\t\t\t\t\t\t<\/summary>\n<p>Temos muito orgulho de nossas avalia\u00e7\u00f5es! Voc\u00ea pode ler depoimentos reais no nosso perfil do [TripAdvisor \/ Google Meu Neg\u00f3cio \/ Booking.com] pesquisando pelo nosso nome.<\/p>\n<\/details>\n<details id=\"e-n-accordion-item-6288\">\n<summary data-accordion-index=\"9\" aria-expanded=\"false\" aria-controls=\"e-n-accordion-item-6288\">\n\t\t\t\t\t Posso agendar meu check-in de madrugada?<br \/>\n\t\t\t\t\t\t\t\t\t<\/summary>\n<p>Nosso limite de check-in \u00e9 <b>at\u00e9 as 23h<\/b>. Chegadas ap\u00f3s esse hor\u00e1rio devem ser combinadas com 24h de anteced\u00eancia para organiza\u00e7\u00e3o interna.<\/p>\n<\/details>\n<details id=\"e-n-accordion-item-6289\">\n<summary data-accordion-index=\"10\" aria-expanded=\"false\" aria-controls=\"e-n-accordion-item-6289\">\n\t\t\t\t\t Quero enviar meu curr\u00edculo para trabalhar no hotel, como fa\u00e7o?<br \/>\n\t\t\t\t\t\t\t\t\t<\/summary>\n<p>Estamos sempre em busca de novos talentos para nossa equipe de hospitalidade! Envie seu curr\u00edculo atualizado(PDF) para o e-mail <a href=\"mailto:reservas@pousadasonhoverde.com\"><strong>reservas@pousadasonhoverde.com<\/strong><\/a> com a \u00e1rea desejada no assunto.\u200b<\/p>\n<\/details>\n<details id=\"e-n-accordion-item-6330\">\n<summary data-accordion-index=\"1\" aria-expanded=\"false\" aria-controls=\"e-n-accordion-item-6330\">\n\t\t\t\t\t    \t Qual a melhor \u00e9poca do ano para visitar [Nome da Cidade\/Regi\u00e3o]?<br \/>\n\t\t\t\t\t\t\t\t\t<\/summary>\n<p>Cada esta\u00e7\u00e3o tem seu charme em Monte Verde. No ver\u00e3o, o clima \u00e9 mais ameno e perfeito para aproveitar trilhas, natureza e o verde da serra. J\u00e1 no inverno, a regi\u00e3o ganha um clima ainda mais especial, ideal para curtir o frio, tomar um bom vinho e viver o clima rom\u00e2ntico da montanha.<br \/>\nNossa pousada \u00e9 preparada para receber voc\u00ea o ano todo com conforto e tranquilidade, em qualquer \u00e9poca que escolher<\/p>\n<\/details>\n<details id=\"e-n-accordion-item-6331\">\n<summary data-accordion-index=\"2\" aria-expanded=\"false\" aria-controls=\"e-n-accordion-item-6331\">\n\t\t\t\t\t Qual a dist\u00e2ncia da pousada at\u00e9 o Aeroporto\/Rodovi\u00e1ria mais pr\u00f3xima?<br \/>\n\t\t\t\t\t\t\t\t\t<\/summary>\n<p>Estamos localizados a cerca de <b>140 km do Aeroporto Internacional de Viracopos e a aproximadamente 40 minutos da Rodovi\u00e1ria de Monte Verde<\/b>. Se precisar, nossa equipe pode indicar servi\u00e7os de taxi de confian\u00e7a para facilitar sua chegada a <b>Monte Verde<\/b>.\n<\/p>\n<\/details>\n<details id=\"e-n-accordion-item-6332\">\n<summary data-accordion-index=\"3\" aria-expanded=\"false\" aria-controls=\"e-n-accordion-item-6332\">\n\t\t\t\t\t Quais s\u00e3o as atra\u00e7\u00f5es imperd\u00edveis perto da pousada?<br \/>\n\t\t\t\t\t\t\t\t\t<\/summary>\n<p>Estamos no cora\u00e7\u00e3o de Monte Verde. A poucos minutos daqui, voc\u00ea encontra a charmosa Avenida Monte Verde, perfeita para passeios, lojas e gastronomia, o Orquid\u00e1rio MV, ideal para quem ama natureza, e o famoso Pico do Selado, com vistas incr\u00edveis da regi\u00e3o. \u00c9 a localiza\u00e7\u00e3o ideal para quem quer explorar o melhor do destino sem perder tempo com deslocamentos.<\/p>\n<\/details>\n<details id=\"e-n-accordion-item-6333\">\n<summary data-accordion-index=\"4\" aria-expanded=\"false\" aria-controls=\"e-n-accordion-item-6333\">\n\t\t\t\t\t Voc\u00eas t\u00eam tarifas especiais para feriados e alta temporada em Monte Verde?<br \/>\n\t\t\t\t\t\t\t\t\t<\/summary>\n<p>Sim! N\u00f3s criamos pacotes exclusivos para feriados prolongados, Carnaval, R\u00e9veillon e para a alta temporada de Monte Verde. CTA: Acompanhe nosso site oficial e Instagram para garantir sua reserva com as melhores condi\u00e7\u00f5es e tarifas diretas.<\/p>\n<\/details>\n<details id=\"e-n-accordion-item-6334\">\n<summary data-accordion-index=\"5\" aria-expanded=\"false\" aria-controls=\"e-n-accordion-item-6334\">\n\t\t\t\t\t Posso fazer o check-in mais cedo (Early Check-in) ou sair mais tarde (Late Check-out)?<br \/>\n\t\t\t\t\t\t\t\t\t<\/summary>\n<p>Nosso padr\u00e3o \u00e9 check-in <b>\u00e0s 15h<\/b> e check-out <b>\u00e0s 12h<\/b>. No entanto, se voc\u00ea quiser aproveitar um pouco mais em Monte Verde, oferecemos early check-in ou late check-out mediante disponibilidade no dia e o pagamento de uma taxa. Consulte nossa recep\u00e7\u00e3o!<\/p>\n<\/details>\n<details id=\"e-n-accordion-item-6335\">\n<summary data-accordion-index=\"6\" aria-expanded=\"false\" aria-controls=\"e-n-accordion-item-6335\">\n\t\t\t\t\t Aviso Legal LGPD essencial para rodap\u00e9 da p\u00e1gina de contato):<br \/>\n\t\t\t\t\t\t\t\t\t<\/summary>\n<p>Ao entrar em contato conosco preenchendo formul\u00e1rios, voc\u00ea concorda com o uso de seu e-mail e telefone estritamente para que possamos enviar seu or\u00e7amento ou confirmar sua reserva. N\u00f3s n\u00e3o vendemos nem compartilhamos seus dados com terceiros. Para exclus\u00e3o de dados, contate nosso respons\u00e1vel via e-mail.<\/p>\n<\/details>\n<details id=\"e-n-accordion-item-1460\">\n<summary data-accordion-index=\"1\" aria-expanded=\"false\" aria-controls=\"e-n-accordion-item-1460\">\n<h3> Como chegar a pousada? <\/h3>\n<\/summary>\n<p>Estamos localizados na <b>Avenida das Montanhas, n\u00ba 686, <\/b>em Monte Verde.<br \/>\n<b>Para quem vem de S\u00e3o Paulo:<\/b><br \/>\nO acesso principal \u00e9 pela Rodovia Fern\u00e3o Dias (BR-381), sentido Belo Horizonte. Utilize a sa\u00edda para Camanducaia (MG) e, ao entrar na cidade, siga as placas indicativas para Monte Verde. A partir desse ponto, s\u00e3o aproximadamente 30 km pela Estrada Municipal Camanducaia\u2013Monte Verde, toda asfaltada e bem sinalizada, at\u00e9 chegar ao centrinho da vila. Em seguida, continue pela Avenida Monte Verde e depois acesse a Avenida das Montanhas at\u00e9 o n\u00famero 686.<br \/>\n<b>Para quem vem do Rio de Janeiro:<\/b><br \/>\nO trajeto tamb\u00e9m \u00e9 feito pela Rodovia Fern\u00e3o Dias (BR-381), sentido Belo Horizonte. Utilize a sa\u00edda para Camanducaia (MG) e siga o mesmo percurso descrito acima at\u00e9 Monte Verde.<br \/>\n<b>Para quem vem de Minas Gerais (Belo Horizonte e regi\u00e3o):<\/b><br \/>\nO acesso \u00e9 pela Rodovia Fern\u00e3o Dias (BR-381), sentido S\u00e3o Paulo. Utilize a sa\u00edda para Camanducaia (MG) e, dentro da cidade, siga as placas para Monte Verde. Depois, percorra aproximadamente 30 km pela Estrada Municipal Camanducaia\u2013Monte Verde at\u00e9 chegar \u00e0 vila. No centrinho, siga pela Avenida Monte Verde e depois acesse a Avenida das Montanhas at\u00e9 o n\u00famero 686.<\/p>\n<\/details>\n<details id=\"e-n-accordion-item-1461\">\n<summary data-accordion-index=\"2\" aria-expanded=\"false\" aria-controls=\"e-n-accordion-item-1461\">\n<h3> Voc\u00eas s\u00e3o Pet Friendly? Posso levar meu animal de estima\u00e7\u00e3o? <\/h3>\n<\/summary>\n<p>Sim! Adoramos receber seu amigo de quatro patas. Aceitamos c\u00e3es de pequeno porte <b>(at\u00e9 10 kg)<\/b>. \u00c9 cobrada uma taxa de higieniza\u00e7\u00e3o de <b>R$ 150<\/b> por estada e eles devem circular na coleira apenas pelas \u00e1reas abertas designadas.<\/p>\n<\/details>\n<details id=\"e-n-accordion-item-1462\">\n<summary data-accordion-index=\"3\" aria-expanded=\"false\" aria-controls=\"e-n-accordion-item-1462\">\n<h3> O hotel oferece estacionamento? \u00c9 cobrado \u00e0 parte? <\/h3>\n<\/summary>\n<p>Sim, disponibilizamos estacionamento <b>gratuito <\/b>para nossos h\u00f3spedes. As <b>vagas s\u00e3o rotativas<\/b> e n\u00e3o \u00e9 necess\u00e1rio reservar com anteced\u00eancia.<\/p>\n<\/details>\n<details id=\"e-n-accordion-item-1463\">\n<summary data-accordion-index=\"4\" aria-expanded=\"false\" aria-controls=\"e-n-accordion-item-1463\">\n<h3> Qual a voltagem das tomadas nas depend\u00eancias do hotel? <\/h3>\n<\/summary>\n<p>A voltagem em toda a nossa regi\u00e3o \u00e9 de <b>110V<\/b>. As tomadas seguem o <b>padr\u00e3o brasileiro de 3 pinos<\/b>. Caso precise, temos alguns adaptadores na recep\u00e7\u00e3o mediante disponibilidade.<\/p>\n<\/details>\n<details id=\"e-n-accordion-item-1464\">\n<summary data-accordion-index=\"5\" aria-expanded=\"false\" aria-controls=\"e-n-accordion-item-1464\">\n<h3> O hotel tem Wi-Fi r\u00e1pido para quem precisa fazer home office? <\/h3>\n<\/summary>\n<p>Oferecemos Wi-Fi gratuito e de <b>alta velocidade\/fibra\/<\/b>. A cobertura atende <b>todos os quartos e \u00e1reas sociais<\/b>, perfeito para trabalhar remotamente em <b>Monte Verde<\/b>.<\/p>\n<\/details>\n<details id=\"e-n-accordion-item-1465\">\n<summary data-accordion-index=\"6\" aria-expanded=\"false\" aria-controls=\"e-n-accordion-item-1465\">\n<h3> A pousada possui restaurante pr\u00f3prio? \u00c9 aberto ao p\u00fablico? <\/h3>\n<\/summary>\n<p>O espa\u00e7o do restaurante \u00e9 exclusivo para h\u00f3spedes, onde servimos apenas o caf\u00e9 da manh\u00e3.<\/p>\n<\/details>\n<details id=\"e-n-accordion-item-1466\">\n<summary data-accordion-index=\"7\" aria-expanded=\"false\" aria-controls=\"e-n-accordion-item-1466\">\n<h3> O hotel possui estrutura acess\u00edvel (PCD)? <\/h3>\n<\/summary>\n<p>Por conta da estrutura e do terreno, a pousada n\u00e3o conta atualmente com recursos de acessibilidade.<\/p>\n<\/details>\n<details id=\"e-n-accordion-item-1467\">\n<summary data-accordion-index=\"8\" aria-expanded=\"false\" aria-controls=\"e-n-accordion-item-1467\">\n<h3> O ambiente \u00e9 adequado para crian\u00e7as ou voltado para casais? <\/h3>\n<\/summary>\n<p>A Pousada Jardim da Mantiqueira, em Monte Verde, \u00e9 ideal para casais que buscam romantismo, tranquilidade e contato com a natureza. Tamb\u00e9m oferecemos algumas acomoda\u00e7\u00f5es para fam\u00edlias, garantindo conforto para diferentes perfis de h\u00f3spedes.<\/p>\n<\/details>\n<details id=\"e-n-accordion-item-1468\">\n<summary data-accordion-index=\"9\" aria-expanded=\"false\" aria-controls=\"e-n-accordion-item-1468\">\n<h3> Quais s\u00e3o as op\u00e7\u00f5es de lazer dentro do hotel? <\/h3>\n<\/summary>\n<p>Contamos com um amplo jardim cercado por \u00e1rvores, pinheiros e arauc\u00e1rias, al\u00e9m de uma piscina para momentos de descanso e tranquilidade.<br \/>\nO hor\u00e1rio de funcionamento da \u00e1rea de lazer \u00e9 <b>das 10:00<\/b> at\u00e9 <b>as 17:00<\/b>.<\/p>\n<\/details>\n<p>Estamos localizados na <b>Avenida das Montanhas, n\u00ba 686, <\/b>em Monte Verde.<br \/>\n<b>Para quem vem de S\u00e3o Paulo:<\/b><br \/>\nO acesso principal \u00e9 pela Rodovia Fern\u00e3o Dias (BR-381), sentido Belo Horizonte. Utilize a sa\u00edda para Camanducaia (MG) e, ao entrar na cidade, siga as placas indicativas para Monte Verde. A partir desse ponto, s\u00e3o aproximadamente 30 km pela Estrada Municipal Camanducaia\u2013Monte Verde, toda asfaltada e bem sinalizada, at\u00e9 chegar ao centrinho da vila. Em seguida, continue pela Avenida Monte Verde e depois acesse a Avenida das Montanhas at\u00e9 o n\u00famero 686.<br \/>\n<b>Para quem vem do Rio de Janeiro:<\/b><br \/>\nO trajeto tamb\u00e9m \u00e9 feito pela Rodovia Fern\u00e3o Dias (BR-381), sentido Belo Horizonte. Utilize a sa\u00edda para Camanducaia (MG) e siga o mesmo percurso descrito acima at\u00e9 Monte Verde.<br \/>\n<b>Para quem vem de Minas Gerais (Belo Horizonte e regi\u00e3o):<\/b><br \/>\nO acesso \u00e9 pela Rodovia Fern\u00e3o Dias (BR-381), sentido S\u00e3o Paulo. Utilize a sa\u00edda para Camanducaia (MG) e, dentro da cidade, siga as placas para Monte Verde. Depois, percorra aproximadamente 30 km pela Estrada Municipal Camanducaia\u2013Monte Verde at\u00e9 chegar \u00e0 vila. No centrinho, siga pela Avenida Monte Verde e depois acesse a Avenida das Montanhas at\u00e9 o n\u00famero 686.<\/p>\n<p>Sim! Adoramos receber seu amigo de quatro patas. Aceitamos c\u00e3es de pequeno porte <b>(at\u00e9 10 kg)<\/b>. \u00c9 cobrada uma taxa de higieniza\u00e7\u00e3o de <b>R$ 150<\/b> por estada e eles devem circular na coleira apenas pelas \u00e1reas abertas designadas.<\/p>\n<p>Sim, disponibilizamos estacionamento <b>gratuito <\/b>para nossos h\u00f3spedes. As <b>vagas s\u00e3o rotativas<\/b> e n\u00e3o \u00e9 necess\u00e1rio reservar com anteced\u00eancia.<\/p>\n<p>A voltagem em toda a nossa regi\u00e3o \u00e9 de <b>110V<\/b>. As tomadas seguem o <b>padr\u00e3o brasileiro de 3 pinos<\/b>. Caso precise, temos alguns adaptadores na recep\u00e7\u00e3o mediante disponibilidade.<\/p>\n<p>Oferecemos Wi-Fi gratuito e de <b>alta velocidade\/fibra\/<\/b>. A cobertura atende <b>todos os quartos e \u00e1reas sociais<\/b>, perfeito para trabalhar remotamente em <b>Monte Verde<\/b>.<\/p>\n<p>O espa\u00e7o do restaurante \u00e9 exclusivo para h\u00f3spedes, onde servimos apenas o caf\u00e9 da manh\u00e3.<\/p>\n<p>Por conta da estrutura e do terreno, a pousada n\u00e3o conta atualmente com recursos de acessibilidade.<\/p>\n<p>A Pousada Jardim da Mantiqueira, em Monte Verde, \u00e9 ideal para casais que buscam romantismo, tranquilidade e contato com a natureza. Tamb\u00e9m oferecemos algumas acomoda\u00e7\u00f5es para fam\u00edlias, garantindo conforto para diferentes perfis de h\u00f3spedes.<\/p>\n<p>Contamos com um amplo jardim cercado por \u00e1rvores, pinheiros e arauc\u00e1rias, al\u00e9m de uma piscina para momentos de descanso e tranquilidade.<br \/>\nO hor\u00e1rio de funcionamento da \u00e1rea de lazer \u00e9 <b>das 10:00<\/b> at\u00e9 <b>as 17:00<\/b>.<\/p>\n<details id=\"e-n-accordion-item-1810\">\n<summary data-accordion-index=\"1\" aria-expanded=\"false\" aria-controls=\"e-n-accordion-item-1810\">\n\t\t\t\t\t Quais os hor\u00e1rios de entrada (check-in) e sa\u00edda (check-out)?<br \/>\n\t\t\t\t\t\t\t\t\t<\/summary>\n<p>Nosso hor\u00e1rio de check-in (entrada) se inicia \u00e0s <b>15h00<\/b> e o check-out (sa\u00edda) deve ser realizado at\u00e9 as <b>12h00<\/b>. Caso precise de um &#8220;late check-out&#8221;, consulte a disponibilidade na recep\u00e7\u00e3o (sujeito \u00e0 taxa extra).<\/p>\n<\/details>\n<details id=\"e-n-accordion-item-1811\">\n<summary data-accordion-index=\"2\" aria-expanded=\"false\" aria-controls=\"e-n-accordion-item-1811\">\n\t\t\t\t\t Qual a pol\u00edtica para crian\u00e7as e ber\u00e7os nas acomoda\u00e7\u00f5es?<br \/>\n\t\t\t\t\t\t\t\t\t<\/summary>\n<p>Crian\u00e7as de at\u00e9 <b>6 anos<\/b> tem gratuidade dormindo nas camas j\u00e1 existentes no quarto com os pais.<br \/>\nN\u00e3o dispomos de ber\u00e7os.<\/p>\n<\/details>\n<details id=\"e-n-accordion-item-1812\">\n<summary data-accordion-index=\"3\" aria-expanded=\"false\" aria-controls=\"e-n-accordion-item-1812\">\n\t\t\t\t\t \u00c9 poss\u00edvel adicionar cama extra nos quartos?<br \/>\n\t\t\t\t\t\t\t\t\t<\/summary>\n<p>Para garantir o conforto e a proposta das acomoda\u00e7\u00f5es, n\u00e3o oferecemos camas extras.<\/p>\n<\/details>\n<details id=\"e-n-accordion-item-1813\">\n<summary data-accordion-index=\"4\" aria-expanded=\"false\" aria-controls=\"e-n-accordion-item-1813\">\n\t\t\t\t\t O que j\u00e1 est\u00e1 incluso no valor da di\u00e1ria da pousada?<br \/>\n\t\t\t\t\t\t\t\t\t<\/summary>\n<p>Sua di\u00e1ria contempla acomoda\u00e7\u00e3o, caf\u00e9 da manh\u00e3 regional estilo buffet servido das 08h30 \u00e0s 10h30, enxoval, amenities, Wi-Fi e acesso \u00e0 \u00e1rea de lazer. O frigobar \u00e9 <b>entregue abastecido com cobran\u00e7a conforme o consumo.<\/b><\/p>\n<\/details>\n<details id=\"e-n-accordion-item-1814\">\n<summary data-accordion-index=\"5\" aria-expanded=\"false\" aria-controls=\"e-n-accordion-item-1814\">\n\t\t\t\t\t Qual a diferen\u00e7a entre as categorias de quarto ?<br \/>\n\t\t\t\t\t\t\t\t\t<\/summary>\n<p>Os quartos da Pousada Jardim da Mantiqueira variam em tamanho, localiza\u00e7\u00e3o (t\u00e9rreo ou andar superior) e vista para o jardim e natureza, todos pensados para oferecer conforto e tranquilidade em Monte Verde.<\/p>\n<\/details>\n<details id=\"e-n-accordion-item-1815\">\n<summary data-accordion-index=\"6\" aria-expanded=\"false\" aria-controls=\"e-n-accordion-item-1815\">\n\t\t\t\t\t Os quartos possuem ar-condicionado e aquecedor?<br \/>\n\t\t\t\t\t\t\t\t\t<\/summary>\n<p>Os quartos n\u00e3o possuem ar-condicionado. Para maior conforto nas noites frias de Monte Verde, contam com lareira a lenha, ideal para o clima de serra.<\/p>\n<\/details>\n<details id=\"e-n-accordion-item-1816\">\n<summary data-accordion-index=\"7\" aria-expanded=\"false\" aria-controls=\"e-n-accordion-item-1816\">\n\t\t\t\t\t \u00c9 permitido fumar nos quartos ou nas varandas?<br \/>\n\t\t\t\t\t\t\t\t\t<\/summary>\n<p>\u00c9 permitido fumar exclusivamente nas varandas e \u00e1reas externas. \u00c9 proibido fumar nos quartos e no restaurante. O n\u00e3o cumprimento desta norma implica multa no valor de 1 sal\u00e1rio m\u00ednimo, referente \u00e0 desodoriza\u00e7\u00e3o.<\/p>\n<\/details>\n<details id=\"e-n-accordion-item-1817\">\n<summary data-accordion-index=\"8\" aria-expanded=\"false\" aria-controls=\"e-n-accordion-item-1817\">\n\t\t\t\t\t Os banheiros possuem secador de cabelo e amenities?<br \/>\n\t\t\t\t\t\t\t\t\t<\/summary>\n<p>Os banheiros n\u00e3o possuem secador de cabelo. Disponibilizamos amenities da linha Harus, incluindo shampoo, condicionador, sabonete e touca de banho, para maior conforto durante a estada.<\/p>\n<\/details>\n<details id=\"e-n-accordion-item-1818\">\n<summary data-accordion-index=\"9\" aria-expanded=\"false\" aria-controls=\"e-n-accordion-item-1818\">\n\t\t\t\t\t Tem cofre de seguran\u00e7a nos quartos?<br \/>\n\t\t\t\t\t\t\t\t\t<\/summary>\n<p>No momento, n\u00e3o disponibilizamos cofre de seguran\u00e7a nas acomoda\u00e7\u00f5es.<\/p>\n<\/details>\n<details id=\"e-n-accordion-item-1819\">\n<summary data-accordion-index=\"10\" aria-expanded=\"false\" aria-controls=\"e-n-accordion-item-1819\">\n\t\t\t\t\t Como funciona o servi\u00e7o de frigobar nos quartos?<br \/>\n\t\t\t\t\t\t\t\t\t<\/summary>\n<p>Na Pousada Jardim da Mantiqueira, o frigobar \u00e9 abastecido com \u00e1guas. Os h\u00f3spedes podem trazer outras bebidas e utilizar o espa\u00e7o dispon\u00edvel para armazenamento.<\/p>\n<\/details>\n<p>Nosso hor\u00e1rio de check-in (entrada) se inicia \u00e0s <b>15h00<\/b> e o check-out (sa\u00edda) deve ser realizado at\u00e9 as <b>12h00<\/b>. Caso precise de um &#8220;late check-out&#8221;, consulte a disponibilidade na recep\u00e7\u00e3o (sujeito \u00e0 taxa extra).<\/p>\n<p>Crian\u00e7as de at\u00e9 <b>6 anos<\/b> tem gratuidade dormindo nas camas j\u00e1 existentes no quarto com os pais.<br \/>\nN\u00e3o dispomos de ber\u00e7os.<\/p>\n<p>Para garantir o conforto e a proposta das acomoda\u00e7\u00f5es, n\u00e3o oferecemos camas extras.<\/p>\n<p>Sua di\u00e1ria contempla acomoda\u00e7\u00e3o, caf\u00e9 da manh\u00e3 regional estilo buffet servido das 08h30 \u00e0s 10h30, enxoval, amenities, Wi-Fi e acesso \u00e0 \u00e1rea de lazer. O frigobar \u00e9 <b>entregue abastecido com cobran\u00e7a conforme o consumo.<\/b><\/p>\n<p>Os quartos da Pousada Jardim da Mantiqueira variam em tamanho, localiza\u00e7\u00e3o (t\u00e9rreo ou andar superior) e vista para o jardim e natureza, todos pensados para oferecer conforto e tranquilidade em Monte Verde.<\/p>\n<p>Os quartos n\u00e3o possuem ar-condicionado. Para maior conforto nas noites frias de Monte Verde, contam com lareira a lenha, ideal para o clima de serra.<\/p>\n<p>\u00c9 permitido fumar exclusivamente nas varandas e \u00e1reas externas. \u00c9 proibido fumar nos quartos e no restaurante. O n\u00e3o cumprimento desta norma implica multa no valor de 1 sal\u00e1rio m\u00ednimo, referente \u00e0 desodoriza\u00e7\u00e3o.<\/p>\n<p>Os banheiros n\u00e3o possuem secador de cabelo. Disponibilizamos amenities da linha Harus, incluindo shampoo, condicionador, sabonete e touca de banho, para maior conforto durante a estada.<\/p>\n<p>No momento, n\u00e3o disponibilizamos cofre de seguran\u00e7a nas acomoda\u00e7\u00f5es.<\/p>\n<p>Na Pousada Jardim da Mantiqueira, o frigobar \u00e9 abastecido com \u00e1guas. Os h\u00f3spedes podem trazer outras bebidas e utilizar o espa\u00e7o dispon\u00edvel para armazenamento.<\/p>\n<details id=\"e-n-accordion-item-1420\">\n<summary data-accordion-index=\"1\" aria-expanded=\"false\" aria-controls=\"e-n-accordion-item-1420\">\n\t\t\t\t\t Como funciona a pol\u00edtica de cancelamento ou altera\u00e7\u00e3o de reserva?<br \/>\n\t\t\t\t\t\t\t\t\t<\/summary>\n<p>A Pousada Jardim da Mantiqueira trabalha com tarifas n\u00e3o reembols\u00e1veis. Para pagamentos via PIX, o sinal n\u00e3o \u00e9 devolvido em caso de cancelamento ou no-show. Para reservas via cart\u00e3o, n\u00e3o s\u00e3o permitidas altera\u00e7\u00f5es ou reembolsos, sendo cobrado o valor total das di\u00e1rias em caso de sa\u00edda antecipada.<\/p>\n<\/details>\n<details id=\"e-n-accordion-item-1421\">\n<summary data-accordion-index=\"2\" aria-expanded=\"false\" aria-controls=\"e-n-accordion-item-1421\">\n\t\t\t\t\t O que acontece em caso de n\u00e3o comparecimento (No-Show)?<br \/>\n\t\t\t\t\t\t\t\t\t<\/summary>\n<p>O n\u00e3o comparecimento no dia da chegada at\u00e9 as 23h00 (sem aviso pr\u00e9vio) caracteriza &#8220;No-Show&#8221;. A reserva \u00e9 cancelada e o valor pago antecipadamente \u00e9 retido integralmente.<\/p>\n<\/details>\n<details id=\"e-n-accordion-item-1422\">\n<summary data-accordion-index=\"3\" aria-expanded=\"false\" aria-controls=\"e-n-accordion-item-1422\">\n\t\t\t\t\t Eu ganho desconto se reservar diretamente pelo site ou WhatsApp?<br \/>\n\t\t\t\t\t\t\t\t\t<\/summary>\n<p>Sim! Reservando diretamente pelo nosso site ou WhatsApp, voc\u00ea garante o melhor valor: oferecemos 10% de desconto e condi\u00e7\u00f5es mais flex\u00edveis para sua estadia em Monte Verde.<\/p>\n<\/details>\n<details id=\"e-n-accordion-item-1423\">\n<summary data-accordion-index=\"4\" aria-expanded=\"false\" aria-controls=\"e-n-accordion-item-1423\">\n\t\t\t\t\t Quais as formas de pagamento aceitas para a reserva?<br \/>\n\t\t\t\t\t\t\t\t\t<\/summary>\n<p>Na tarifa a vista pedimos no m\u00ednimo 50% de adiantamento via PIX ou TED. O saldo de 50% \u00e9 pago no check-in. Na tarifa cart\u00e3o de cr\u00e9dito, cobramos 100% antecipado e parcelamos o valor total em at\u00e9 5 vezes sem juros nos cart\u00f5es Visa, Master, Elo, Amex, Diners para compras acima de R$ 500,00.<\/p>\n<\/details>\n<details id=\"e-n-accordion-item-1424\">\n<summary data-accordion-index=\"5\" aria-expanded=\"false\" aria-controls=\"e-n-accordion-item-1424\">\n\t\t\t\t\t As regras de reserva mudam em feriados e alta temporada?<br \/>\n\t\t\t\t\t\t\t\t\t<\/summary>\n<p>Sim. Em feriados e datas especiais, o m\u00ednimo de di\u00e1rias \u00e9 ajustado de acordo com o per\u00edodo.<\/p>\n<\/details>\n<details id=\"e-n-accordion-item-1425\">\n<summary data-accordion-index=\"6\" aria-expanded=\"false\" aria-controls=\"e-n-accordion-item-1425\">\n\t\t\t\t\t Voc\u00eas possuem pol\u00edtica de &#8220;Child Free&#8221; (crian\u00e7as n\u00e3o pagam)?<br \/>\n\t\t\t\t\t\t\t\t\t<\/summary>\n<p>Oferecemos gratuidade para crian\u00e7as de at\u00e9 6 anos, desde que acomodadas nas camas existentes. Crian\u00e7as acima dessa idade pagam o mesmo valor do adulto extra.<\/p>\n<\/details>\n<details id=\"e-n-accordion-item-1426\">\n<summary data-accordion-index=\"7\" aria-expanded=\"false\" aria-controls=\"e-n-accordion-item-1426\">\n\t\t\t\t\t T\u00eam pacotes especiais para Lua de Mel ou datas rom\u00e2nticas?<br \/>\n\t\t\t\t\t\t\t\t\t<\/summary>\n<p>Sim! A Pousada Jardim da Mantiqueira, em Monte Verde, oferece op\u00e7\u00f5es de decora\u00e7\u00e3o rom\u00e2ntica para ocasi\u00f5es especiais. Os pacotes incluem combina\u00e7\u00f5es de itens como p\u00e9talas, espumante, chocolate, velas, cisne na cama e foto do casal, com valores a partir de R$ 150.<br \/>\n<br \/>\nAs op\u00e7\u00f5es podem ser adicionadas \u00e0 reserva para lua de mel, anivers\u00e1rios ou momentos especiais a dois.<\/p>\n<\/details>\n<details id=\"e-n-accordion-item-1427\">\n<summary data-accordion-index=\"8\" aria-expanded=\"false\" aria-controls=\"e-n-accordion-item-1427\">\n\t\t\t\t\t H\u00e1 descontos para estadias longas (Long Stay)?<br \/>\n\t\t\t\t\t\t\t\t\t<\/summary>\n<p>Com certeza. Para pacotes a partir de 7 noites basta consultar nossa central para uma negocia\u00e7\u00e3o exclusiva.<\/p>\n<\/details>\n<details id=\"e-n-accordion-item-1428\">\n<summary data-accordion-index=\"9\" aria-expanded=\"false\" aria-controls=\"e-n-accordion-item-1428\">\n\t\t\t\t\t Posso acumular um cupom de desconto com uma promo\u00e7\u00e3o j\u00e1 ativa?<br \/>\n\t\t\t\t\t\t\t\t\t<\/summary>\n<p>N\u00e3o. Nossos cupons promocionais, descontos de parceiros e tarifas especiais n\u00e3o s\u00e3o cumulativos. O sistema sempre aplicar\u00e1 o maior desconto dispon\u00edvel no momento.<\/p>\n<\/details>\n<details id=\"e-n-accordion-item-1429\">\n<summary data-accordion-index=\"10\" aria-expanded=\"false\" aria-controls=\"e-n-accordion-item-1429\">\n\t\t\t\t\t Como funcionam as reservas e descontos para grupos?<br \/>\n\t\t\t\t\t\t\t\t\t<\/summary>\n<p>Consideramos grupo reservas a partir de 4 quartos simult\u00e2neos. Oferecemos descontos progressivos e condi\u00e7\u00f5es facilitadas de pagamento. Solicite um or\u00e7amento diretamente pelo e-mail <strong><a href=\"mailto:reservas@pousadasonhoverde.com\">reservas@pousadasonhoverde.com<\/a><\/strong><\/p>\n<\/details>\n<p>A Pousada Jardim da Mantiqueira trabalha com tarifas n\u00e3o reembols\u00e1veis. Para pagamentos via PIX, o sinal n\u00e3o \u00e9 devolvido em caso de cancelamento ou no-show. Para reservas via cart\u00e3o, n\u00e3o s\u00e3o permitidas altera\u00e7\u00f5es ou reembolsos, sendo cobrado o valor total das di\u00e1rias em caso de sa\u00edda antecipada.<\/p>\n<p>O n\u00e3o comparecimento no dia da chegada at\u00e9 as 23h00 (sem aviso pr\u00e9vio) caracteriza &#8220;No-Show&#8221;. A reserva \u00e9 cancelada e o valor pago antecipadamente \u00e9 retido integralmente.<\/p>\n<p>Sim! Reservando diretamente pelo nosso site ou WhatsApp, voc\u00ea garante o melhor valor: oferecemos 10% de desconto e condi\u00e7\u00f5es mais flex\u00edveis para sua estadia em Monte Verde.<\/p>\n<p>Na tarifa a vista pedimos no m\u00ednimo 50% de adiantamento via PIX ou TED. O saldo de 50% \u00e9 pago no check-in. Na tarifa cart\u00e3o de cr\u00e9dito, cobramos 100% antecipado e parcelamos o valor total em at\u00e9 5 vezes sem juros nos cart\u00f5es Visa, Master, Elo, Amex, Diners para compras acima de R$ 500,00.<\/p>\n<p>Sim. Em feriados e datas especiais, o m\u00ednimo de di\u00e1rias \u00e9 ajustado de acordo com o per\u00edodo.<\/p>\n<p>Oferecemos gratuidade para crian\u00e7as de at\u00e9 6 anos, desde que acomodadas nas camas existentes. Crian\u00e7as acima dessa idade pagam o mesmo valor do adulto extra.<\/p>\n<p>Sim! A Pousada Jardim da Mantiqueira, em Monte Verde, oferece op\u00e7\u00f5es de decora\u00e7\u00e3o rom\u00e2ntica para ocasi\u00f5es especiais. Os pacotes incluem combina\u00e7\u00f5es de itens como p\u00e9talas, espumante, chocolate, velas, cisne na cama e foto do casal, com valores a partir de R$ 150.<br \/>\n<br \/>\nAs op\u00e7\u00f5es podem ser adicionadas \u00e0 reserva para lua de mel, anivers\u00e1rios ou momentos especiais a dois.<\/p>\n<p>Com certeza. Para pacotes a partir de 7 noites basta consultar nossa central para uma negocia\u00e7\u00e3o exclusiva.<\/p>\n<p>N\u00e3o. Nossos cupons promocionais, descontos de parceiros e tarifas especiais n\u00e3o s\u00e3o cumulativos. O sistema sempre aplicar\u00e1 o maior desconto dispon\u00edvel no momento.<\/p>\n<p>Consideramos grupo reservas a partir de 4 quartos simult\u00e2neos. Oferecemos descontos progressivos e condi\u00e7\u00f5es facilitadas de pagamento. Solicite um or\u00e7amento diretamente pelo e-mail <strong><a href=\"mailto:reservas@pousadasonhoverde.com\">reservas@pousadasonhoverde.com<\/a><\/strong><\/p>\n<details id=\"e-n-accordion-item-6280\">\n<summary data-accordion-index=\"1\" aria-expanded=\"false\" aria-controls=\"e-n-accordion-item-6280\">\n\t\t\t\t\t Quais os canais oficiais para falar com a pousada?<br \/>\n\t\t\t\t\t\t\t\t\t<\/summary>\n<p>Voc\u00ea pode falar conosco pelo telefone fixo (35) 3438-1188, pelo WhatsApp <strong><a href=\"http:\/\/wa.me\/+553534381188\">(35) 3438-1188<\/a><\/strong> ou atrav\u00e9s do e-mail <strong><a href=\"mailto:reservas@pousadasonhoverde.com\">reservas@pousadasonhoverde.com<\/a><\/strong>.<\/p>\n<\/details>\n<details id=\"e-n-accordion-item-6281\">\n<summary data-accordion-index=\"2\" aria-expanded=\"false\" aria-controls=\"e-n-accordion-item-6281\">\n\t\t\t\t\t Qual \u00e9 o hor\u00e1rio de funcionamento da Central de Reservas e da Recep\u00e7\u00e3o?<br \/>\n\t\t\t\t\t\t\t\t\t<\/summary>\n<p>Central de Reservas funciona <b>todos os dias, das 08h \u00e0s 23h<\/b>.  A recep\u00e7\u00e3o presencial do hotel funciona <b>das 08h \u00e0s 23h<\/b><\/p>\n<\/details>\n<details id=\"e-n-accordion-item-6282\">\n<summary data-accordion-index=\"3\" aria-expanded=\"false\" aria-controls=\"e-n-accordion-item-6282\">\n\t\t\t\t\t Em quanto tempo terei o retorno do meu contato?<br \/>\n\t\t\t\t\t\t\t\t\t<\/summary>\n<p>No WhatsApp, nosso tempo m\u00e9dio de resposta durante o hor\u00e1rio de atendimento \u00e9 de <strong>at\u00e9 15 minutos no m\u00e1ximo<\/strong>. E-mails e formul\u00e1rios do site s\u00e3o respondidos em <strong>at\u00e9 [24] horas<\/strong>.\u200b<\/p>\n<\/details>\n<details id=\"e-n-accordion-item-6283\">\n<summary data-accordion-index=\"4\" aria-expanded=\"false\" aria-controls=\"e-n-accordion-item-6283\">\n\t\t\t\t\t Como chego \u00e0 pousada vindo do aeroporto ou rodovi\u00e1ria mais pr\u00f3ximos?<br \/>\n\t\t\t\t\t\t\t\t\t<\/summary>\n<p>O aeroporto mais pr\u00f3ximo \u00e9 o Aeroporto Internacional de Viracopos (VCP) (cerca de 140 km). Outra op\u00e7\u00e3o \u00e9 o Aeroporto Internacional de Guarulhos (GRU) (aprox. 160 km).<br \/>\nA rodovi\u00e1ria mais pr\u00f3xima fica em Camanducaia, a cerca de 30 km. De l\u00e1, \u00e9 poss\u00edvel seguir de carro, t\u00e1xi ou aplicativo at\u00e9 a pousada.<\/p>\n<\/details>\n<details id=\"e-n-accordion-item-6284\">\n<summary data-accordion-index=\"5\" aria-expanded=\"false\" aria-controls=\"e-n-accordion-item-6284\">\n\t\t\t\t\t Voc\u00eas oferecem servi\u00e7o de transfer\/translado?<br \/>\n\t\t\t\t\t\t\t\t\t<\/summary>\n<p>N\u00e3o possu\u00edmos frota pr\u00f3pria, mas podemos indicar um motorista de confian\u00e7a para realizar o traslado com seguran\u00e7a e comodidade em Monte Verde.<br \/>\nO agendamento e a negocia\u00e7\u00e3o s\u00e3o feitos diretamente com o prestador.<\/p>\n<\/details>\n<details id=\"e-n-accordion-item-6285\">\n<summary data-accordion-index=\"6\" aria-expanded=\"false\" aria-controls=\"e-n-accordion-item-6285\">\n\t\t\t\t\t Como fa\u00e7o para organizar um evento corporativo ou casamento no hotel?<br \/>\n\t\t\t\t\t\t\t\t\t<\/summary>\n<p>No momento, n\u00e3o realizamos eventos como casamentos ou encontros corporativos. Nossa proposta \u00e9 oferecer uma experi\u00eancia mais intimista, focada no descanso, conforto e conex\u00e3o com a natureza em Monte Verde.<\/p>\n<\/details>\n<details id=\"e-n-accordion-item-6286\">\n<summary data-accordion-index=\"7\" aria-expanded=\"false\" aria-controls=\"e-n-accordion-item-6286\">\n\t\t\t\t\t Esqueci um objeto no hotel. Como fa\u00e7o para recuper\u00e1-lo?<br \/>\n\t\t\t\t\t\t\t\t\t<\/summary>\n<p>Guardamos objetos esquecidos no setor de &#8220;Achados e Perdidos&#8221; por um prazo de 90 dias. Entre em contato conosco via WhatsApp informando o n\u00famero do quarto e data de sa\u00edda. O custo do envio via Correios \u00e9 de responsabilidade do h\u00f3spede.<\/p>\n<\/details>\n<details id=\"e-n-accordion-item-6287\">\n<summary data-accordion-index=\"8\" aria-expanded=\"false\" aria-controls=\"e-n-accordion-item-6287\">\n\t\t\t\t\t Onde posso ler as avalia\u00e7\u00f5es de outros h\u00f3spedes?<br \/>\n\t\t\t\t\t\t\t\t\t<\/summary>\n<p>Temos muito orgulho de nossas avalia\u00e7\u00f5es! Voc\u00ea pode ler depoimentos reais no nosso perfil do [TripAdvisor \/ Google Meu Neg\u00f3cio \/ Booking.com] pesquisando pelo nosso nome.<\/p>\n<\/details>\n<details id=\"e-n-accordion-item-6288\">\n<summary data-accordion-index=\"9\" aria-expanded=\"false\" aria-controls=\"e-n-accordion-item-6288\">\n\t\t\t\t\t Posso agendar meu check-in de madrugada?<br \/>\n\t\t\t\t\t\t\t\t\t<\/summary>\n<p>Nosso limite de check-in \u00e9 <b>at\u00e9 as 23h<\/b>. Chegadas ap\u00f3s esse hor\u00e1rio devem ser combinadas com 24h de anteced\u00eancia para organiza\u00e7\u00e3o interna.<\/p>\n<\/details>\n<details id=\"e-n-accordion-item-6289\">\n<summary data-accordion-index=\"10\" aria-expanded=\"false\" aria-controls=\"e-n-accordion-item-6289\">\n\t\t\t\t\t Quero enviar meu curr\u00edculo para trabalhar no hotel, como fa\u00e7o?<br \/>\n\t\t\t\t\t\t\t\t\t<\/summary>\n<p>Estamos sempre em busca de novos talentos para nossa equipe de hospitalidade! Envie seu curr\u00edculo atualizado(PDF) para o e-mail <a href=\"mailto:reservas@pousadasonhoverde.com\"><strong>reservas@pousadasonhoverde.com<\/strong><\/a> com a \u00e1rea desejada no assunto.\u200b<\/p>\n<\/details>\n<p>Voc\u00ea pode falar conosco pelo telefone fixo (35) 3438-1188, pelo WhatsApp <strong><a href=\"http:\/\/wa.me\/+553534381188\">(35) 3438-1188<\/a><\/strong> ou atrav\u00e9s do e-mail <strong><a href=\"mailto:reservas@pousadasonhoverde.com\">reservas@pousadasonhoverde.com<\/a><\/strong>.<\/p>\n<p>Central de Reservas funciona <b>todos os dias, das 08h \u00e0s 23h<\/b>.  A recep\u00e7\u00e3o presencial do hotel funciona <b>das 08h \u00e0s 23h<\/b><\/p>\n<p>No WhatsApp, nosso tempo m\u00e9dio de resposta durante o hor\u00e1rio de atendimento \u00e9 de <strong>at\u00e9 15 minutos no m\u00e1ximo<\/strong>. E-mails e formul\u00e1rios do site s\u00e3o respondidos em <strong>at\u00e9 [24] horas<\/strong>.\u200b<\/p>\n<p>O aeroporto mais pr\u00f3ximo \u00e9 o Aeroporto Internacional de Viracopos (VCP) (cerca de 140 km). Outra op\u00e7\u00e3o \u00e9 o Aeroporto Internacional de Guarulhos (GRU) (aprox. 160 km).<br \/>\nA rodovi\u00e1ria mais pr\u00f3xima fica em Camanducaia, a cerca de 30 km. De l\u00e1, \u00e9 poss\u00edvel seguir de carro, t\u00e1xi ou aplicativo at\u00e9 a pousada.<\/p>\n<p>N\u00e3o possu\u00edmos frota pr\u00f3pria, mas podemos indicar um motorista de confian\u00e7a para realizar o traslado com seguran\u00e7a e comodidade em Monte Verde.<br \/>\nO agendamento e a negocia\u00e7\u00e3o s\u00e3o feitos diretamente com o prestador.<\/p>\n<p>No momento, n\u00e3o realizamos eventos como casamentos ou encontros corporativos. Nossa proposta \u00e9 oferecer uma experi\u00eancia mais intimista, focada no descanso, conforto e conex\u00e3o com a natureza em Monte Verde.<\/p>\n<p>Guardamos objetos esquecidos no setor de &#8220;Achados e Perdidos&#8221; por um prazo de 90 dias. Entre em contato conosco via WhatsApp informando o n\u00famero do quarto e data de sa\u00edda. O custo do envio via Correios \u00e9 de responsabilidade do h\u00f3spede.<\/p>\n<p>Temos muito orgulho de nossas avalia\u00e7\u00f5es! Voc\u00ea pode ler depoimentos reais no nosso perfil do [TripAdvisor \/ Google Meu Neg\u00f3cio \/ Booking.com] pesquisando pelo nosso nome.<\/p>\n<p>Nosso limite de check-in \u00e9 <b>at\u00e9 as 23h<\/b>. Chegadas ap\u00f3s esse hor\u00e1rio devem ser combinadas com 24h de anteced\u00eancia para organiza\u00e7\u00e3o interna.<\/p>\n<p>Estamos sempre em busca de novos talentos para nossa equipe de hospitalidade! Envie seu curr\u00edculo atualizado(PDF) para o e-mail <a href=\"mailto:reservas@pousadasonhoverde.com\"><strong>reservas@pousadasonhoverde.com<\/strong><\/a> com a \u00e1rea desejada no assunto.\u200b<\/p>\n<details id=\"e-n-accordion-item-6330\">\n<summary data-accordion-index=\"1\" aria-expanded=\"false\" aria-controls=\"e-n-accordion-item-6330\">\n\t\t\t\t\t    \t Qual a melhor \u00e9poca do ano para visitar [Nome da Cidade\/Regi\u00e3o]?<br \/>\n\t\t\t\t\t\t\t\t\t<\/summary>\n<p>Cada esta\u00e7\u00e3o tem seu charme em Monte Verde. No ver\u00e3o, o clima \u00e9 mais ameno e perfeito para aproveitar trilhas, natureza e o verde da serra. J\u00e1 no inverno, a regi\u00e3o ganha um clima ainda mais especial, ideal para curtir o frio, tomar um bom vinho e viver o clima rom\u00e2ntico da montanha.<br \/>\nNossa pousada \u00e9 preparada para receber voc\u00ea o ano todo com conforto e tranquilidade, em qualquer \u00e9poca que escolher<\/p>\n<\/details>\n<details id=\"e-n-accordion-item-6331\">\n<summary data-accordion-index=\"2\" aria-expanded=\"false\" aria-controls=\"e-n-accordion-item-6331\">\n\t\t\t\t\t Qual a dist\u00e2ncia da pousada at\u00e9 o Aeroporto\/Rodovi\u00e1ria mais pr\u00f3xima?<br \/>\n\t\t\t\t\t\t\t\t\t<\/summary>\n<p>Estamos localizados a cerca de <b>140 km do Aeroporto Internacional de Viracopos e a aproximadamente 40 minutos da Rodovi\u00e1ria de Monte Verde<\/b>. Se precisar, nossa equipe pode indicar servi\u00e7os de taxi de confian\u00e7a para facilitar sua chegada a <b>Monte Verde<\/b>.\n<\/p>\n<\/details>\n<details id=\"e-n-accordion-item-6332\">\n<summary data-accordion-index=\"3\" aria-expanded=\"false\" aria-controls=\"e-n-accordion-item-6332\">\n\t\t\t\t\t Quais s\u00e3o as atra\u00e7\u00f5es imperd\u00edveis perto da pousada?<br \/>\n\t\t\t\t\t\t\t\t\t<\/summary>\n<p>Estamos no cora\u00e7\u00e3o de Monte Verde. A poucos minutos daqui, voc\u00ea encontra a charmosa Avenida Monte Verde, perfeita para passeios, lojas e gastronomia, o Orquid\u00e1rio MV, ideal para quem ama natureza, e o famoso Pico do Selado, com vistas incr\u00edveis da regi\u00e3o. \u00c9 a localiza\u00e7\u00e3o ideal para quem quer explorar o melhor do destino sem perder tempo com deslocamentos.<\/p>\n<\/details>\n<details id=\"e-n-accordion-item-6333\">\n<summary data-accordion-index=\"4\" aria-expanded=\"false\" aria-controls=\"e-n-accordion-item-6333\">\n\t\t\t\t\t Voc\u00eas t\u00eam tarifas especiais para feriados e alta temporada em Monte Verde?<br \/>\n\t\t\t\t\t\t\t\t\t<\/summary>\n<p>Sim! N\u00f3s criamos pacotes exclusivos para feriados prolongados, Carnaval, R\u00e9veillon e para a alta temporada de Monte Verde. CTA: Acompanhe nosso site oficial e Instagram para garantir sua reserva com as melhores condi\u00e7\u00f5es e tarifas diretas.<\/p>\n<\/details>\n<details id=\"e-n-accordion-item-6334\">\n<summary data-accordion-index=\"5\" aria-expanded=\"false\" aria-controls=\"e-n-accordion-item-6334\">\n\t\t\t\t\t Posso fazer o check-in mais cedo (Early Check-in) ou sair mais tarde (Late Check-out)?<br \/>\n\t\t\t\t\t\t\t\t\t<\/summary>\n<p>Nosso padr\u00e3o \u00e9 check-in <b>\u00e0s 15h<\/b> e check-out <b>\u00e0s 12h<\/b>. No entanto, se voc\u00ea quiser aproveitar um pouco mais em Monte Verde, oferecemos early check-in ou late check-out mediante disponibilidade no dia e o pagamento de uma taxa. Consulte nossa recep\u00e7\u00e3o!<\/p>\n<\/details>\n<details id=\"e-n-accordion-item-6335\">\n<summary data-accordion-index=\"6\" aria-expanded=\"false\" aria-controls=\"e-n-accordion-item-6335\">\n\t\t\t\t\t Aviso Legal LGPD essencial para rodap\u00e9 da p\u00e1gina de contato):<br \/>\n\t\t\t\t\t\t\t\t\t<\/summary>\n<p>Ao entrar em contato conosco preenchendo formul\u00e1rios, voc\u00ea concorda com o uso de seu e-mail e telefone estritamente para que possamos enviar seu or\u00e7amento ou confirmar sua reserva. N\u00f3s n\u00e3o vendemos nem compartilhamos seus dados com terceiros. Para exclus\u00e3o de dados, contate nosso respons\u00e1vel via e-mail.<\/p>\n<\/details>\n<p>Cada esta\u00e7\u00e3o tem seu charme em Monte Verde. No ver\u00e3o, o clima \u00e9 mais ameno e perfeito para aproveitar trilhas, natureza e o verde da serra. J\u00e1 no inverno, a regi\u00e3o ganha um clima ainda mais especial, ideal para curtir o frio, tomar um bom vinho e viver o clima rom\u00e2ntico da montanha.<br \/>\nNossa pousada \u00e9 preparada para receber voc\u00ea o ano todo com conforto e tranquilidade, em qualquer \u00e9poca que escolher<\/p>\n<p>Estamos localizados a cerca de <b>140 km do Aeroporto Internacional de Viracopos e a aproximadamente 40 minutos da Rodovi\u00e1ria de Monte Verde<\/b>. Se precisar, nossa equipe pode indicar servi\u00e7os de taxi de confian\u00e7a para facilitar sua chegada a <b>Monte Verde<\/b>.\n<\/p>\n<p>Estamos no cora\u00e7\u00e3o de Monte Verde. A poucos minutos daqui, voc\u00ea encontra a charmosa Avenida Monte Verde, perfeita para passeios, lojas e gastronomia, o Orquid\u00e1rio MV, ideal para quem ama natureza, e o famoso Pico do Selado, com vistas incr\u00edveis da regi\u00e3o. \u00c9 a localiza\u00e7\u00e3o ideal para quem quer explorar o melhor do destino sem perder tempo com deslocamentos.<\/p>\n<p>Sim! N\u00f3s criamos pacotes exclusivos para feriados prolongados, Carnaval, R\u00e9veillon e para a alta temporada de Monte Verde. CTA: Acompanhe nosso site oficial e Instagram para garantir sua reserva com as melhores condi\u00e7\u00f5es e tarifas diretas.<\/p>\n<p>Nosso padr\u00e3o \u00e9 check-in <b>\u00e0s 15h<\/b> e check-out <b>\u00e0s 12h<\/b>. No entanto, se voc\u00ea quiser aproveitar um pouco mais em Monte Verde, oferecemos early check-in ou late check-out mediante disponibilidade no dia e o pagamento de uma taxa. Consulte nossa recep\u00e7\u00e3o!<\/p>\n<p>Ao entrar em contato conosco preenchendo formul\u00e1rios, voc\u00ea concorda com o uso de seu e-mail e telefone estritamente para que possamos enviar seu or\u00e7amento ou confirmar sua reserva. N\u00f3s n\u00e3o vendemos nem compartilhamos seus dados com terceiros. Para exclus\u00e3o de dados, contate nosso respons\u00e1vel via e-mail.<\/p>\n","protected":false},"excerpt":{"rendered":"<p>Perguntas frequentes Encontre as respostas para as principais d\u00favidas sobre a pousada Home Quartos Promo\u00e7\u00f5es Contato Como chegar a pousada? Estamos localizados na Avenida das Montanhas, n\u00ba 686, em Monte Verde. Para quem vem de S\u00e3o Paulo: O acesso principal \u00e9 pela Rodovia Fern\u00e3o Dias (BR-381), sentido Belo Horizonte. Utilize a sa\u00edda para Camanducaia (MG) [&hellip;]<\/p>\n","protected":false},"author":1,"featured_media":0,"parent":0,"menu_order":0,"comment_status":"closed","ping_status":"closed","template":"","meta":{"_acf_changed":false,"footnotes":""},"class_list":["post-2193","page","type-page","status-publish","hentry"],"acf":[],"_links":{"self":[{"href":"https:\/\/hotel.helium-solutions.com\/mantiqueira\/wp-json\/wp\/v2\/pages\/2193","targetHints":{"allow":["GET"]}}],"collection":[{"href":"https:\/\/hotel.helium-solutions.com\/mantiqueira\/wp-json\/wp\/v2\/pages"}],"about":[{"href":"https:\/\/hotel.helium-solutions.com\/mantiqueira\/wp-json\/wp\/v2\/types\/page"}],"author":[{"embeddable":true,"href":"https:\/\/hotel.helium-solutions.com\/mantiqueira\/wp-json\/wp\/v2\/users\/1"}],"replies":[{"embeddable":true,"href":"https:\/\/hotel.helium-solutions.com\/mantiqueira\/wp-json\/wp\/v2\/comments?post=2193"}],"version-history":[{"count":16,"href":"https:\/\/hotel.helium-solutions.com\/mantiqueira\/wp-json\/wp\/v2\/pages\/2193\/revisions"}],"predecessor-version":[{"id":3254,"href":"https:\/\/hotel.helium-solutions.com\/mantiqueira\/wp-json\/wp\/v2\/pages\/2193\/revisions\/3254"}],"wp:attachment":[{"href":"https:\/\/hotel.helium-solutions.com\/mantiqueira\/wp-json\/wp\/v2\/media?parent=2193"}],"curies":[{"name":"wp","href":"https:\/\/api.w.org\/{rel}","templated":true}]}}